{"version":"1.0","provider_name":"WediaEntertainment TR","provider_url":"https:\/\/wediaentertainment.com\/tr","author_name":"wediacorp","author_url":"https:\/\/wediaentertainment.com\/tr\/author\/wediacorp\/","title":"Berlin Film Festivali'nde Jeopolitik R\u00fczgarlar: Orta Do\u011fu Krizi, Ukrayna ve A\u015f\u0131r\u0131 Sa\u011f\u0131n Y\u00fckseli\u015fi - WediaEntertainment TR","type":"rich","width":600,"height":338,"html":"<blockquote class=\"wp-embedded-content\" data-secret=\"kTy9Cckw0d\"><a href=\"https:\/\/wediaentertainment.com\/tr\/the-berlin-film-festival-2024\/\">Berlin Film Festivali&#8217;nde Jeopolitik R\u00fczgarlar: Orta Do\u011fu Krizi, Ukrayna ve A\u015f\u0131r\u0131 Sa\u011f\u0131n Y\u00fckseli\u015fi<\/a><\/blockquote><iframe sandbox=\"allow-scripts\" security=\"restricted\" src=\"https:\/\/wediaentertainment.com\/tr\/the-berlin-film-festival-2024\/embed\/#?secret=kTy9Cckw0d\" width=\"600\" height=\"338\" title=\"&#8220;Berlin Film Festivali&#8217;nde Jeopolitik R\u00fczgarlar: Orta Do\u011fu Krizi, Ukrayna ve A\u015f\u0131r\u0131 Sa\u011f\u0131n Y\u00fckseli\u015fi&#8221; &#8212; WediaEntertainment TR\" data-secret=\"kTy9Cckw0d\" frameborder=\"0\" marginwidth=\"0\" marginheight=\"0\" scrolling=\"no\" class=\"wp-embedded-content\"><\/iframe><script type=\"text\/javascript\">\n\/* <![CDATA[ *\/\n\/*! This file is auto-generated *\/\n!function(d,l){\"use strict\";l.querySelector&&d.addEventListener&&\"undefined\"!=typeof URL&&(d.wp=d.wp||{},d.wp.receiveEmbedMessage||(d.wp.receiveEmbedMessage=function(e){var t=e.data;if((t||t.secret||t.message||t.value)&&!\/[^a-zA-Z0-9]\/.test(t.secret)){for(var s,r,n,a=l.querySelectorAll('iframe[data-secret=\"'+t.secret+'\"]'),o=l.querySelectorAll('blockquote[data-secret=\"'+t.secret+'\"]'),c=new RegExp(\"^https?:$\",\"i\"),i=0;i<o.length;i++)o[i].style.display=\"none\";for(i=0;i<a.length;i++)s=a[i],e.source===s.contentWindow&&(s.removeAttribute(\"style\"),\"height\"===t.message?(1e3<(r=parseInt(t.value,10))?r=1e3:~~r<200&&(r=200),s.height=r):\"link\"===t.message&&(r=new URL(s.getAttribute(\"src\")),n=new URL(t.value),c.test(n.protocol))&&n.host===r.host&&l.activeElement===s&&(d.top.location.href=t.value))}},d.addEventListener(\"message\",d.wp.receiveEmbedMessage,!1),l.addEventListener(\"DOMContentLoaded\",function(){for(var e,t,s=l.querySelectorAll(\"iframe.wp-embedded-content\"),r=0;r<s.length;r++)(t=(e=s[r]).getAttribute(\"data-secret\"))||(t=Math.random().toString(36).substring(2,12),e.src+=\"#?secret=\"+t,e.setAttribute(\"data-secret\",t)),e.contentWindow.postMessage({message:\"ready\",secret:t},\"*\")},!1)))}(window,document);\n\/* ]]> *\/\n<\/script>\n","thumbnail_url":"https:\/\/wediaentertainment.com\/tr\/wp-content\/uploads\/sites\/2\/2024\/02\/GettyImages-2006093879.webp","thumbnail_width":681,"thumbnail_height":383,"description":"Berlin Film Festivali'nde sinema ve geopolitik bir araya geliyor. Lupita Nyong'o'nun j\u00fcri ba\u015fkanl\u0131\u011f\u0131nda, Orta Do\u011fu krizi, a\u015f\u0131r\u0131 sa\u011f\u0131n y\u00fckseli\u015fi ve Ukrayna'daki durum festivalin g\u00fcndemini belirliyor. Berlinale'nin d\u00fc\u015f\u00fcnce \u00fcreten filmlere olan ba\u011fl\u0131l\u0131\u011f\u0131 ve politik diyalog platformu olarak rol\u00fcne derinlemesine bir bak\u0131\u015f sunuyoruz."}